{"id":2021,"date":"2021-01-06T08:55:52","date_gmt":"2021-01-06T07:55:52","guid":{"rendered":"https:\/\/forumafricaneitaliane.it\/home-2\/"},"modified":"2026-03-11T11:45:05","modified_gmt":"2026-03-11T10:45:05","slug":"home-2","status":"publish","type":"page","link":"https:\/\/forumafricaneitaliane.it\/fr\/","title":{"rendered":"Forum des Femmes Africaines Italiennes"},"content":{"rendered":"<div class=\"wpb-content-wrapper\"><p>[vc_row full_width=&#8221;stretch_row_content_no_spaces&#8221; ct_row_class=&#8221;row-visible&#8221; css=&#8221;.vc_custom_1762181615560{padding-right: 90px !important;padding-left: 90px !important;}&#8221; el_id=&#8221;section-home&#8221; el_class=&#8221;section-offset-bottom rm-section-padding&#8221;][vc_column css=&#8221;.vc_custom_1610595747668{padding-top: 0px !important;}&#8221;][ct_space space_lg=&#8221;180&#8243; space_md=&#8221;0&#8243; space_sm=&#8221;0&#8243; space_xs=&#8221;0&#8243;][vc_row_inner content_placement=&#8221;bottom&#8221; css=&#8221;.vc_custom_1762184427651{padding-top: 0px !important;padding-bottom: 0px !important;background-image: url(https:\/\/forumafricaneitaliane.it\/wp-content\/uploads\/2025\/11\/488926689_997207229262726_2203954631789181450_n.jpg?id=1752) !important;background-position: center !important;background-repeat: no-repeat !important;background-size: cover !important;}&#8221;][vc_column_inner el_class=&#8221;col-offset&#8221; width=&#8221;1\/2&#8243; ct_column_inner_class=&#8221;rm-padding-lg&#8221; css=&#8221;.vc_custom_1762184661211{padding-top: 120px !important;padding-bottom: 120px !important;}&#8221;][ct_textbox btn_link=&#8221;url:%23&#8243; title=&#8221;Forum des Femmes Africaines Italiennes&#8221; description=&#8221;est un espace de dialogue et d&#8217;interaction entre des femmes de cultures diff\u00e9rentes, qui partagent le m\u00eame engagement pour l&#8217;analyse et l&#8217;am\u00e9lioration de la condition f\u00e9minine.&#8221; animation=&#8221;fadeInUp&#8221; css=&#8221;.vc_custom_1772697790954{margin-left: 10px !important;}&#8221;][\/vc_column_inner][vc_column_inner width=&#8221;1\/2&#8243; css=&#8221;.vc_custom_1610593826564{padding-top: 0px !important;}&#8221;][ct_single_image image=&#8221;1538&#8243; image_align=&#8221;text-center&#8221; css=&#8221;.vc_custom_1610599514957{margin-top: -100px !important;margin-right: -100px !important;}&#8221; animation=&#8221;fadeInUp&#8221; el_class=&#8221;rm-margin-right&#8221;][\/vc_column_inner][\/vc_row_inner][\/vc_column][\/vc_row][vc_row full_width=&#8221;stretch_row&#8221; bg_image_position=&#8221;bg-image-ps-bottom&#8221; css=&#8221;.vc_custom_1762181629778{background-position: 0 0 !important;background-repeat: no-repeat !important;}&#8221;][vc_column css=&#8221;.vc_custom_1610599227706{padding-top: 0px !important;padding-bottom: 90px !important;}&#8221;][ct_space space_lg=&#8221;250&#8243; space_md=&#8221;230&#8243; space_sm=&#8221;120&#8243; space_xs=&#8221;120&#8243;][vc_row_inner gap=&#8221;30&#8243;][vc_column_inner width=&#8221;1\/2&#8243;][ct_single_image image=&#8221;1763&#8243; image_align=&#8221;text-center&#8221;][\/vc_column_inner][vc_column_inner width=&#8221;1\/2&#8243; ct_column_inner_class=&#8221;rm-padding-lg&#8221; css=&#8221;.vc_custom_1610599083817{padding-right: 50px !important;padding-left: 30px !important;}&#8221;][ct_space space_lg=&#8221;65&#8243; space_md=&#8221;65&#8243; space_sm=&#8221;65&#8243; space_xs=&#8221;65&#8243;][ct_heading text=&#8221;Mission en bref&#8221; font_size_md=&#8221;36&#8243; font_size_sm=&#8221;32&#8243; font_size_xs=&#8221;32&#8243; font_weight=&#8221;&#8221; text_color=&#8221;#ffffff&#8221; subtitle=&#8221;QUI SOMMES-NOUS&#8221; font_weight_sub=&#8221;&#8221; description=&#8221;Le Forum promeut <b>des initiatives culturelles, des ateliers, des expositions et des rencontres publiques <\/b>afin de valoriser la contribution des femmes africaines en Italie et dans le monde. Il s&#8217;agit d&#8217;un espace d\u00e9di\u00e9 au leadership f\u00e9minin pour le d\u00e9veloppement de l&#8217;Afrique et la croissance \u00e9conomique de l&#8217;Italie.&#8221; description_color=&#8221;rgba(255,255,255,0.85)&#8221;][ct_space space_lg=&#8221;50&#8243; space_md=&#8221;50&#8243; space_sm=&#8221;50&#8243; space_xs=&#8221;50&#8243;][\/vc_column_inner][\/vc_row_inner][\/vc_column][\/vc_row][vc_row full_width=&#8221;stretch_row&#8221; bg_image_position=&#8221;bg-image-ps-bottom&#8221; css=&#8221;.vc_custom_1762181638176{background-position: 0 0 !important;background-repeat: no-repeat !important;}&#8221;][vc_column css=&#8221;.vc_custom_1610599227706{padding-top: 0px !important;padding-bottom: 90px !important;}&#8221;][vc_row_inner][vc_column_inner ct_column_inner_class=&#8221;rm-padding-lg&#8221; css=&#8221;.vc_custom_1610599083817{padding-right: 50px !important;padding-left: 30px !important;}&#8221;][ct_space space_lg=&#8221;65&#8243; space_md=&#8221;65&#8243; space_sm=&#8221;65&#8243; space_xs=&#8221;65&#8243;][ct_heading text=&#8221;Forum 2025&#8243; font_size_md=&#8221;36&#8243; font_size_sm=&#8221;32&#8243; font_size_xs=&#8221;32&#8243; font_weight=&#8221;&#8221; text_color=&#8221;#FFFFFF&#8221; font_weight_sub=&#8221;&#8221; description_color=&#8221;rgba(255,255,255,0.85)&#8221;][ct_space space_lg=&#8221;30&#8243; space_md=&#8221;30&#8243; space_sm=&#8221;30&#8243; space_xs=&#8221;30&#8243;][ct_text_block content_color=&#8221;#FFFFFF&#8221; css=&#8221;.vc_custom_1773225900216{margin-bottom: 25px !important;}&#8221;]La cinqui\u00e8me \u00e9dition du Forum Africane Italiane se tiendra du 19 au 21 novembre 2025 au Centre international de formation de l&#8217;Organisation internationale du travail (ONU) \u00e0 Turin.<br \/>\nL&#8217;\u00e9dition 2025 sera consacr\u00e9e au th\u00e8me du partenariat \u00e9conomique et industriel entre l&#8217;Afrique et l&#8217;Italie, avec une attention particuli\u00e8re au r\u00f4le de l&#8217;entrepreneuriat f\u00e9minin en tant que moteur de la coop\u00e9ration et du d\u00e9veloppement durable.<\/p>\n<p>Le Forum est un espace de rencontre et de dialogue entre les institutions, les entreprises, les organisations internationales et la soci\u00e9t\u00e9 civile, dont l&#8217;objectif est de promouvoir de nouvelles alliances strat\u00e9giques pour l&#8217;innovation, la formation et l&#8217;autonomisation des femmes.<br \/>\nAu cours des trois jours, des tables rondes th\u00e9matiques, des tables rondes sur les bonnes pratiques, des rencontres B2B entre entreprises et institutions, des visites industrielles et un d\u00eener de gala consacr\u00e9 \u00e0 la cr\u00e9ativit\u00e9 et \u00e0 la mode africaine, en collaboration avec le Salon International du Tissu Africain, sont pr\u00e9vus.<\/p>\n<p>Le Forum sera suivi, du 24 novembre au 5 d\u00e9cembre 2025, par la Gender Academy du Centre international de formation de l&#8217;OIT, qui proposera des formations d&#8217;excellence sur le leadership et l&#8217;\u00e9galit\u00e9 des sexes.[\/ct_text_block][\/vc_column_inner][\/vc_row_inner][\/vc_column][\/vc_row][vc_row full_width=&#8221;stretch_row&#8221; bg_image_position=&#8221;bg-image-ps-bottom&#8221; css=&#8221;.vc_custom_1762181643411{background-position: 0 0 !important;background-repeat: no-repeat !important;}&#8221;][vc_column css=&#8221;.vc_custom_1610599227706{padding-top: 0px !important;padding-bottom: 90px !important;}&#8221;][vc_row_inner][vc_column_inner width=&#8221;1\/2&#8243; ct_column_inner_class=&#8221;rm-padding-lg&#8221; css=&#8221;.vc_custom_1610599083817{padding-right: 50px !important;padding-left: 30px !important;}&#8221;][ct_textbox btn_link=&#8221;url:https%3A%2F%2Fforumafricaneitaliane.it%2Ffr%2Finscription%2F|title:Inscription&#8221; title=&#8221;Participez vous aussi !&#8221; description=&#8221;Remplissez le formulaire d&#8217;inscription pour r\u00e9server votre place au Forum 2025 et recevoir toutes les informations logistiques et organisationnelles.&#8221; btn_text=&#8221;Acc\u00e9dez au formulaire d&#8217;inscription&#8221; el_class=&#8221;button-centro&#8221;][\/vc_column_inner][vc_column_inner width=&#8221;1\/2&#8243;][ct_textbox btn_link=&#8221;url:mailto%3Aforumafricaneitaliane%40gmail.com&#8221; title=&#8221;Vous avez besoin de plus d&#8217;informations avant de participer ?&#8221; description=&#8221;Notre \u00e9quipe est \u00e0 votre disposition pour r\u00e9pondre \u00e0 vos questions concernant les inscriptions, la logistique, les partenariats et les possibilit\u00e9s de collaboration.<br \/>\n\u00c9crivez-nous \u00e0 forumafricaneitaliane@gmail.com et nous vous r\u00e9pondrons dans les plus brefs d\u00e9lais.&#8221; btn_text=&#8221;\u00c9crivez-nous&#8221; el_class=&#8221;button-centro&#8221;][vc_raw_html css=&#8221;&#8221;]JTNDc3R5bGUlMjB0eXBlJTNEJTIydGV4dCUyRmNzcyUyMiUzRSUwQSUyMCUyMCUyMCUyMGRpdi5jdC10ZXh0Ym94LWRlZmF1bHQuYnV0dG9uLWNlbnRybyUyMCU3QiUwQXRleHQtYWxpZ24lM0FjZW50ZXIlM0IlMEElN0QlMEElM0MlMkZzdHlsZSUzRQ==[\/vc_raw_html][\/vc_column_inner][\/vc_row_inner][\/vc_column][\/vc_row][vc_row full_width=&#8221;stretch_row&#8221; bg_image_position=&#8221;bg-image-ps-bottom&#8221; css=&#8221;.vc_custom_1762181650599{background-position: 0 0 !important;background-repeat: no-repeat !important;}&#8221;][vc_column css=&#8221;.vc_custom_1610599227706{padding-top: 0px !important;padding-bottom: 90px !important;}&#8221;][ct_heading text=&#8221;Forums pr\u00e9c\u00e9dents&#8221; align_lg=&#8221;align-center&#8221; align_md=&#8221;align-center-md&#8221; align_sm=&#8221;align-center-sm&#8221; font_size_md=&#8221;36&#8243; font_size_sm=&#8221;32&#8243; font_size_xs=&#8221;32&#8243; font_weight=&#8221;&#8221; text_color=&#8221;#ffffff&#8221; font_weight_sub=&#8221;&#8221; description_color=&#8221;rgba(255,255,255,0.85)&#8221;][vc_row_inner][vc_column_inner width=&#8221;1\/2&#8243; ct_column_inner_class=&#8221;rm-padding-lg&#8221;][ct_textbox btn_link=&#8221;url:%23&#8243; title=&#8221;IVe \u00e9dition \u2013 2023 | Turin \u2013 Rome&#8221; description=&#8221;Th\u00e8me : \u00ab Entrepreneuriat f\u00e9minin et coop\u00e9ration pour le d\u00e9veloppement durable \u00bb<br \/>\nTrois jours de d\u00e9bats avec les institutions, les entreprises et la soci\u00e9t\u00e9 civile pour promouvoir le r\u00f4le des femmes africaines dans les processus \u00e9conomiques et sociaux.&#8221; el_class=&#8221;no-padding&#8221; btn_text=&#8221;Afficher&#8221;][vc_raw_html css=&#8221;&#8221;]JTNDc3R5bGUlMjB0eXBlJTNEJTIydGV4dCUyRmNzcyUyMiUzRSUwQSUyMCUyMCUyMCUyMGRpdi5jdC10ZXh0Ym94LWRlZmF1bHQubm8tcGFkZGluZyUyMCUyMCUzRSUyMC5jdC10ZXh0Ym94LWRlZmF1bHQlMjAuY3QtdGV4dGJveC1pbm5lciUyMCU3QiUwQSUyMCUyMGJhY2tncm91bmQtY29sb3IlM0ElMjByZ2JhJTI4MjU1JTJDJTIwMjU1JTJDJTIwMjU1JTJDJTIwMC45JTI5JTNCJTBBJTIwJTIwcGFkZGluZyUzQSUyMDBweCUyMWltcG9ydGFudCUzQiUwQSUyMCUyMG1heC13aWR0aCUzQSUyMDYzMHB4JTNCJTBBJTdEJTBBJTNDJTJGc3R5bGUlM0U=[\/vc_raw_html][\/vc_column_inner][vc_column_inner width=&#8221;1\/2&#8243;][ct_textbox btn_link=&#8221;url:%23&#8243; title=&#8221;IIIe \u00e9dition \u2013 2021 | Turin&#8221; description=&#8221;Focus sur l&#8217;int\u00e9gration, la formation et le leadership f\u00e9minin dans le contexte migratoire.&#8221; btn_text=&#8221;Afficher&#8221;][\/vc_column_inner][\/vc_row_inner][vc_row_inner][vc_column_inner width=&#8221;1\/2&#8243; ct_column_inner_class=&#8221;rm-padding-lg&#8221;][ct_textbox btn_link=&#8221;url:%23&#8243; title=&#8221;IIe \u00e9dition \u2013 2019 | Turin&#8221; description=&#8221;Le Forum consolide le r\u00e9seau des associations f\u00e9minines africaines en Italie.&#8221; btn_text=&#8221;Afficher&#8221;][\/vc_column_inner][vc_column_inner width=&#8221;1\/2&#8243;][ct_textbox btn_link=&#8221;url:%23&#8243; title=&#8221;1\u00e8re \u00e9dition \u2013 2018 | Turin&#8221; description=&#8221;\u00c9v\u00e9nement fondateur du mouvement \u00ab Femmes africaines pour le changement \u00bb.&#8221; btn_text=&#8221;Afficher&#8221;][\/vc_column_inner][\/vc_row_inner][\/vc_column][\/vc_row][vc_row full_width=&#8221;stretch_row&#8221; bg_image_position=&#8221;bg-image-ps-bottom&#8221; css=&#8221;.vc_custom_1762181650599{background-position: 0 0 !important;background-repeat: no-repeat !important;}&#8221;][vc_column css=&#8221;.vc_custom_1610599227706{padding-top: 0px !important;padding-bottom: 90px !important;}&#8221;][vc_row_inner][vc_column_inner ct_column_inner_class=&#8221;rm-padding-lg&#8221; css=&#8221;.vc_custom_1610599083817{padding-right: 50px !important;padding-left: 30px !important;}&#8221;][ct_heading text=&#8221;Autres \u00e9v\u00e9nements&#8221; font_size_md=&#8221;36&#8243; font_size_sm=&#8221;32&#8243; font_size_xs=&#8221;32&#8243; font_weight=&#8221;&#8221; text_color=&#8221;#ffffff&#8221; font_weight_sub=&#8221;&#8221; description_color=&#8221;rgba(255,255,255,0.85)&#8221;][ct_blog_grid custom_source=&#8221;true&#8221; img_size=&#8221;medium&#8221; gap=&#8221;20&#8243; col_xs=&#8221;1&#8243; col_sm=&#8221;3&#8243; col_md=&#8221;3&#8243; col_lg=&#8221;3&#8243; source=&#8221;altri-eventi|category&#8221;][vc_raw_html css=&#8221;&#8221;]JTNDc3R5bGUlMjB0eXBlJTNEJTIydGV4dCUyRmNzcyUyMiUzRSUwQSUyMCUyMCUyMCUyMC5pdGVtLW1ldGElMjBsaSUyMCU3QiUwQSUyMCUyMGNvbG9yJTNBJTIwJTIzZmZmZmZmJTIxaW1wb3J0YW50JTNCJTBBJTdEJTBBJTBBJTIwLmN0LWdyaWQtYmxvZy1sYXlvdXQxJTIwLml0ZW0tdGl0bGUlMjAlN0IlMEElMjAlMjBjb2xvciUzQSUyMCUyM2ZmZmZmZiUyMWltcG9ydGFudCUzQiUwQSU3RCUwQS5pdGVtLW1ldGElMjBsaSUzQWxhc3QtY2hpbGQlMjAlN0IlMEFkaXNwbGF5JTNBbm9uZSUzQiUwQXZpc2liaWxpdHklM0FoaWRkZW4lM0IlMEElN0QlMEElM0MlMkZzdHlsZSUzRQ==[\/vc_raw_html][ct_button button_text=&#8221;Voir tous les \u00e9v\u00e9nements et actualit\u00e9s&#8221; button_link=&#8221;url:https%3A%2F%2Fforumafricaneitaliane.it%2Ffr%2Fnews-events%2F&#8221; align_lg=&#8221;align-center&#8221; align_md=&#8221;align-center-md&#8221; align_sm=&#8221;align-center-sm&#8221; align_xs=&#8221;align-center-xs&#8221;][\/vc_column_inner][\/vc_row_inner][\/vc_column][\/vc_row]<\/p>\n<\/div>","protected":false},"excerpt":{"rendered":"<p>[vc_row full_width=&#8221;stretch_row_content_no_spaces&#8221; ct_row_class=&#8221;row-visible&#8221; css=&#8221;.vc_custom_1762181615560{padding-right: 90px !important;padding-left: 90px !important;}&#8221; el_id=&#8221;section-home&#8221; el_class=&#8221;section-offset-bottom rm-section-padding&#8221;][vc_column css=&#8221;.vc_custom_1610595747668{padding-top: 0px !important;}&#8221;][ct_space space_lg=&#8221;180&#8243; space_md=&#8221;0&#8243; space_sm=&#8221;0&#8243; space_xs=&#8221;0&#8243;][vc_row_inner content_placement=&#8221;bottom&#8221; css=&#8221;.vc_custom_1762184427651{padding-top: 0px !important;padding-bottom: 0px !important;background-image: url(https:\/\/forumafricaneitaliane.it\/wp-content\/uploads\/2025\/11\/488926689_997207229262726_2203954631789181450_n.jpg?id=1752) !important;background-position: center !important;background-repeat: no-repeat !important;background-size: cover !important;}&#8221;][vc_column_inner el_class=&#8221;col-offset&#8221; width=&#8221;1\/2&#8243; ct_column_inner_class=&#8221;rm-padding-lg&#8221; css=&#8221;.vc_custom_1762184661211{padding-top: 120px !important;padding-bottom: 120px !important;}&#8221;][ct_textbox btn_link=&#8221;url:%23&#8243; title=&#8221;Forum des Femmes Africaines Italiennes&#8221; description=&#8221;est un espace de dialogue et d&#8217;interaction entre des [&hellip;]<\/p>\n","protected":false},"author":1,"featured_media":0,"parent":0,"menu_order":0,"comment_status":"closed","ping_status":"closed","template":"","meta":{"footnotes":""},"class_list":["post-2021","page","type-page","status-publish","hentry"],"_links":{"self":[{"href":"https:\/\/forumafricaneitaliane.it\/fr\/wp-json\/wp\/v2\/pages\/2021","targetHints":{"allow":["GET"]}}],"collection":[{"href":"https:\/\/forumafricaneitaliane.it\/fr\/wp-json\/wp\/v2\/pages"}],"about":[{"href":"https:\/\/forumafricaneitaliane.it\/fr\/wp-json\/wp\/v2\/types\/page"}],"author":[{"embeddable":true,"href":"https:\/\/forumafricaneitaliane.it\/fr\/wp-json\/wp\/v2\/users\/1"}],"replies":[{"embeddable":true,"href":"https:\/\/forumafricaneitaliane.it\/fr\/wp-json\/wp\/v2\/comments?post=2021"}],"version-history":[{"count":8,"href":"https:\/\/forumafricaneitaliane.it\/fr\/wp-json\/wp\/v2\/pages\/2021\/revisions"}],"predecessor-version":[{"id":2353,"href":"https:\/\/forumafricaneitaliane.it\/fr\/wp-json\/wp\/v2\/pages\/2021\/revisions\/2353"}],"wp:attachment":[{"href":"https:\/\/forumafricaneitaliane.it\/fr\/wp-json\/wp\/v2\/media?parent=2021"}],"curies":[{"name":"wp","href":"https:\/\/api.w.org\/{rel}","templated":true}]}}